{"id":31,"date":"2019-08-08T11:45:10","date_gmt":"2019-08-08T09:45:10","guid":{"rendered":"http:\/\/41.231.36.251\/?page_id=31"},"modified":"2020-07-20T11:36:21","modified_gmt":"2020-07-20T09:36:21","slug":"temoignages","status":"publish","type":"page","link":"http:\/\/cenaffif.nat.tn\/index.php\/temoignages\/","title":{"rendered":"T\u00e9moignages"},"content":{"rendered":"<h3><span style=\"color: #3366ff;\"><strong>D\u00e9l\u00e9gation Djiboutienne<\/strong><\/span><\/h3>\r\n\r\n\r\n\r\n<figure class=\"wp-block-image\"><img class=\"wp-image-589\" src=\"http:\/\/41.231.36.122\/wp-content\/uploads\/2017\/01\/1-300x218.jpg\" alt=\"\" \/><\/figure>\r\n\r\n\r\n\r\n<p><span style=\"color: #99cc00;\"><strong>Moussa Ahmed Cavalier (formateur en \u00e9nerg\u00e9tique)<\/strong><\/span><\/p>\r\n\r\n\r\n\r\n<p>\u00ab Le contenu de l\u2019ensemble de la formation (p\u00e9dagogique et technique) m\u2019a permis de d\u00e9couvrir des choses importantes au niveau de mon m\u00e9tier \u00bb \u00ab On a \u00e9t\u00e9 bien accueilli et le CENAFFIF offre un cadre agr\u00e9able pour avoir une bonne formation \u00bb \u00ab Un r\u00e9sultat tr\u00e8s positif et b\u00e9n\u00e9fique pour la suite de ma carri\u00e8re professionnelle. Je remercie tous les formateurs ainsi que l\u2019administration du CENAFFIF qui a programm\u00e9 cette formation qui aura surement un impact sur ma carri\u00e8re et qui m\u2019a procur\u00e9 des r\u00e9ponses aux interrogations que j\u2019avais \u00bb<\/p>\r\n\r\n\r\n\r\n<figure class=\"wp-block-image\"><img class=\"wp-image-590\" src=\"http:\/\/41.231.36.122\/wp-content\/uploads\/2017\/01\/2-228x300.jpg\" alt=\"\" \/><\/figure>\r\n\r\n\r\n\r\n<p><span style=\"color: #99cc00;\"><strong>Amina Moussa Ali (Formatrice en transport logistique)<\/strong><\/span><\/p>\r\n\r\n\r\n\r\n<p>\u00ab Globalement on a pass\u00e9 un bon s\u00e9jour au CENAFFIF. La formation p\u00e9dagogique et technique s\u2019est pass\u00e9e dans de bonnes conditions \u00bb<\/p>\r\n\r\n\r\n\r\n<figure class=\"wp-block-image\"><img class=\"wp-image-591\" src=\"http:\/\/41.231.36.122\/wp-content\/uploads\/2017\/01\/3-300x219.jpg\" alt=\"\" \/><\/figure>\r\n\r\n\r\n\r\n<p><span style=\"color: #99cc00;\"><strong>Mahmoud<\/strong><strong>\u00a0Aden Ali (formateur en comptabilit\u00e9)<\/strong><\/span><\/p>\r\n\r\n\r\n\r\n<p>\u00ab Au niveau de la formation p\u00e9dagogique au CENAFFIF, je n\u2019ai pas \u00e0 me plaindre, les formateurs ont r\u00e9pondu \u00e0 nos attentes, nous ont guid\u00e9s dans la recherche d\u2019information et nous ont procur\u00e9s de bons supports p\u00e9dagogiques \u00bb<\/p>\r\n\r\n\r\n\r\n<figure class=\"wp-block-image\"><img class=\"wp-image-592\" src=\"http:\/\/41.231.36.122\/wp-content\/uploads\/2017\/01\/4-300x226.jpg\" alt=\"\" \/><\/figure>\r\n\r\n\r\n\r\n<p><span style=\"color: #99cc00;\"><strong>Ibrahim Ismael (Formateur en g\u00e9nie civil)<\/strong><\/span><\/p>\r\n\r\n\r\n\r\n<p>\u00ab Je suis tr\u00e8s satisfait de ma formation p\u00e9dagogique au CENAFFIF et ce au niveau du contenu et surtout par rapport aux formateurs qu\u2019on a eu la chance d\u2019avoir, des formateurs comp\u00e9tents au point de vue savoir et savoir \u00eatre c\u2019est-\u00e0-dire leur comportement avec nous\u00bb \u00ab Je tiens \u00e0 remercier toute l\u2019\u00e9quipe du CENAFFIF que je trouve dynamique \u00bb<\/p>","protected":false},"excerpt":{"rendered":"<p>D\u00e9l\u00e9gation Djiboutienne Moussa Ahmed Cavalier (formateur en \u00e9nerg\u00e9tique) \u00ab Le contenu de l\u2019ensemble de la formation (p\u00e9dagogique et technique) m\u2019a&hellip;<\/p>\n","protected":false},"author":1,"featured_media":0,"parent":0,"menu_order":0,"comment_status":"closed","ping_status":"closed","template":"","meta":[],"_links":{"self":[{"href":"http:\/\/cenaffif.nat.tn\/index.php\/wp-json\/wp\/v2\/pages\/31"}],"collection":[{"href":"http:\/\/cenaffif.nat.tn\/index.php\/wp-json\/wp\/v2\/pages"}],"about":[{"href":"http:\/\/cenaffif.nat.tn\/index.php\/wp-json\/wp\/v2\/types\/page"}],"author":[{"embeddable":true,"href":"http:\/\/cenaffif.nat.tn\/index.php\/wp-json\/wp\/v2\/users\/1"}],"replies":[{"embeddable":true,"href":"http:\/\/cenaffif.nat.tn\/index.php\/wp-json\/wp\/v2\/comments?post=31"}],"version-history":[{"count":5,"href":"http:\/\/cenaffif.nat.tn\/index.php\/wp-json\/wp\/v2\/pages\/31\/revisions"}],"predecessor-version":[{"id":252,"href":"http:\/\/cenaffif.nat.tn\/index.php\/wp-json\/wp\/v2\/pages\/31\/revisions\/252"}],"wp:attachment":[{"href":"http:\/\/cenaffif.nat.tn\/index.php\/wp-json\/wp\/v2\/media?parent=31"}],"curies":[{"name":"wp","href":"https:\/\/api.w.org\/{rel}","templated":true}]}}